{"id":85987,"date":"2023-08-21T10:18:57","date_gmt":"2023-08-21T08:18:57","guid":{"rendered":"https:\/\/laurenty.com\/poste\/team-leader-m-f-grand-duche-de-luxembourg-principalement-centre-et-sud-du-pays\/"},"modified":"2025-04-28T11:26:52","modified_gmt":"2025-04-28T09:26:52","slug":"team-leader-m-f-grand-duche-de-luxembourg-principalement-centre-et-sud-du-pays","status":"publish","type":"job_listing","link":"https:\/\/laurenty.com\/nl\/vacature\/team-leader-m-f-grand-duche-de-luxembourg-principalement-centre-et-sud-du-pays\/","title":{"rendered":"Team Leader (M\/F) &#8211; GRAND-DUCH\u00c9 DE LUXEMBOURG (principalement centre et sud du pays)"},"content":{"rendered":"<p>[et_pb_section fb_built=&#8221;1&#8243; _builder_version=&#8221;4.16&#8243; background_image=&#8221;https:\/\/laurenty.com\/wp-content\/uploads\/2020\/03\/background-laurenty-light.jpg&#8221; parallax=&#8221;on&#8221; parallax_method=&#8221;off&#8221; vertical_offset_tablet=&#8221;0&#8243; horizontal_offset_tablet=&#8221;0&#8243; width=&#8221;100%&#8221; width_tablet=&#8221;&#8221; width_phone=&#8221;&#8221; width_last_edited=&#8221;on|desktop&#8221; max_width=&#8221;100%&#8221; max_width_tablet=&#8221;&#8221; max_width_phone=&#8221;&#8221; max_width_last_edited=&#8221;on|desktop&#8221; module_alignment=&#8221;center&#8221; inner_module_alignment=&#8221;center&#8221; custom_margin=&#8221;0px||||false|false&#8221; custom_padding=&#8221;0px|||&#8221; z_index_tablet=&#8221;0&#8243; box_shadow_horizontal_tablet=&#8221;0px&#8221; box_shadow_vertical_tablet=&#8221;0px&#8221; box_shadow_blur_tablet=&#8221;40px&#8221; box_shadow_spread_tablet=&#8221;0px&#8221; collapsed=&#8221;off&#8221; global_colors_info=&#8221;{}&#8221;][et_pb_row _builder_version=&#8221;4.16&#8243; vertical_offset_tablet=&#8221;0&#8243; horizontal_offset_tablet=&#8221;0&#8243; width=&#8221;65%&#8221; custom_margin=&#8221;0px||0px||false|false&#8221; custom_padding=&#8221;0px||||false|false&#8221; z_index_tablet=&#8221;0&#8243; box_shadow_horizontal_tablet=&#8221;0px&#8221; box_shadow_vertical_tablet=&#8221;0px&#8221; box_shadow_blur_tablet=&#8221;40px&#8221; box_shadow_spread_tablet=&#8221;0px&#8221; global_colors_info=&#8221;{}&#8221;][et_pb_column type=&#8221;4_4&#8243; _builder_version=&#8221;4.16&#8243; global_colors_info=&#8221;{}&#8221;][et_pb_text _builder_version=&#8221;4.22.1&#8243; vertical_offset_tablet=&#8221;0&#8243; horizontal_offset_tablet=&#8221;0&#8243; custom_margin=&#8221;0px||||false|false&#8221; custom_padding=&#8221;0px||||false|false&#8221; z_index_tablet=&#8221;0&#8243; text_text_shadow_horizontal_length_tablet=&#8221;0px&#8221; text_text_shadow_vertical_length_tablet=&#8221;0px&#8221; text_text_shadow_blur_strength_tablet=&#8221;1px&#8221; link_text_shadow_horizontal_length_tablet=&#8221;0px&#8221; link_text_shadow_vertical_length_tablet=&#8221;0px&#8221; link_text_shadow_blur_strength_tablet=&#8221;1px&#8221; ul_text_shadow_horizontal_length_tablet=&#8221;0px&#8221; ul_text_shadow_vertical_length_tablet=&#8221;0px&#8221; ul_text_shadow_blur_strength_tablet=&#8221;1px&#8221; ol_text_shadow_horizontal_length_tablet=&#8221;0px&#8221; ol_text_shadow_vertical_length_tablet=&#8221;0px&#8221; ol_text_shadow_blur_strength_tablet=&#8221;1px&#8221; quote_text_shadow_horizontal_length_tablet=&#8221;0px&#8221; quote_text_shadow_vertical_length_tablet=&#8221;0px&#8221; quote_text_shadow_blur_strength_tablet=&#8221;1px&#8221; header_text_shadow_horizontal_length_tablet=&#8221;0px&#8221; header_text_shadow_vertical_length_tablet=&#8221;0px&#8221; header_text_shadow_blur_strength_tablet=&#8221;1px&#8221; header_2_text_shadow_horizontal_length_tablet=&#8221;0px&#8221; header_2_text_shadow_vertical_length_tablet=&#8221;0px&#8221; header_2_text_shadow_blur_strength_tablet=&#8221;1px&#8221; header_3_text_shadow_horizontal_length_tablet=&#8221;0px&#8221; header_3_text_shadow_vertical_length_tablet=&#8221;0px&#8221; header_3_text_shadow_blur_strength_tablet=&#8221;1px&#8221; header_4_text_shadow_horizontal_length_tablet=&#8221;0px&#8221; header_4_text_shadow_vertical_length_tablet=&#8221;0px&#8221; header_4_text_shadow_blur_strength_tablet=&#8221;1px&#8221; header_5_text_shadow_horizontal_length_tablet=&#8221;0px&#8221; header_5_text_shadow_vertical_length_tablet=&#8221;0px&#8221; header_5_text_shadow_blur_strength_tablet=&#8221;1px&#8221; header_6_text_shadow_horizontal_length_tablet=&#8221;0px&#8221; header_6_text_shadow_vertical_length_tablet=&#8221;0px&#8221; header_6_text_shadow_blur_strength_tablet=&#8221;1px&#8221; box_shadow_horizontal_tablet=&#8221;0px&#8221; box_shadow_vertical_tablet=&#8221;0px&#8221; box_shadow_blur_tablet=&#8221;40px&#8221; box_shadow_spread_tablet=&#8221;0px&#8221; global_colors_info=&#8221;{}&#8221;]<\/p>\n<h1 style=\"text-align: center;\"><strong>Team Leader (M\/F)<\/strong><\/h1>\n<h2 style=\"text-align: center;\"><em>pour le Grand-Duch\u00e9 de Luxembourg (principalement centre et sud du pays)<\/em><\/h2>\n<p>[\/et_pb_text][\/et_pb_column][\/et_pb_row][et_pb_row column_structure=&#8221;2_3,1_3&#8243; _builder_version=&#8221;4.16&#8243; vertical_offset_tablet=&#8221;0&#8243; horizontal_offset_tablet=&#8221;0&#8243; width=&#8221;65%&#8221; custom_margin=&#8221;0px||0px|&#8221; z_index_tablet=&#8221;0&#8243; box_shadow_horizontal_tablet=&#8221;0px&#8221; box_shadow_vertical_tablet=&#8221;0px&#8221; box_shadow_blur_tablet=&#8221;40px&#8221; box_shadow_spread_tablet=&#8221;0px&#8221; global_colors_info=&#8221;{}&#8221;][et_pb_column type=&#8221;2_3&#8243; _builder_version=&#8221;4.16&#8243; custom_padding=&#8221;|||&#8221; global_colors_info=&#8221;{}&#8221; custom_padding__hover=&#8221;|||&#8221;][et_pb_text _builder_version=&#8221;4.22.1&#8243; vertical_offset_tablet=&#8221;0&#8243; horizontal_offset_tablet=&#8221;0&#8243; z_index_tablet=&#8221;0&#8243; text_text_shadow_horizontal_length_tablet=&#8221;0px&#8221; text_text_shadow_vertical_length_tablet=&#8221;0px&#8221; text_text_shadow_blur_strength_tablet=&#8221;1px&#8221; link_text_shadow_horizontal_length_tablet=&#8221;0px&#8221; link_text_shadow_vertical_length_tablet=&#8221;0px&#8221; link_text_shadow_blur_strength_tablet=&#8221;1px&#8221; ul_text_shadow_horizontal_length_tablet=&#8221;0px&#8221; ul_text_shadow_vertical_length_tablet=&#8221;0px&#8221; ul_text_shadow_blur_strength_tablet=&#8221;1px&#8221; ol_text_shadow_horizontal_length_tablet=&#8221;0px&#8221; ol_text_shadow_vertical_length_tablet=&#8221;0px&#8221; ol_text_shadow_blur_strength_tablet=&#8221;1px&#8221; quote_text_shadow_horizontal_length_tablet=&#8221;0px&#8221; quote_text_shadow_vertical_length_tablet=&#8221;0px&#8221; quote_text_shadow_blur_strength_tablet=&#8221;1px&#8221; header_text_shadow_horizontal_length_tablet=&#8221;0px&#8221; header_text_shadow_vertical_length_tablet=&#8221;0px&#8221; header_text_shadow_blur_strength_tablet=&#8221;1px&#8221; header_2_text_shadow_horizontal_length_tablet=&#8221;0px&#8221; header_2_text_shadow_vertical_length_tablet=&#8221;0px&#8221; header_2_text_shadow_blur_strength_tablet=&#8221;1px&#8221; header_3_text_shadow_horizontal_length_tablet=&#8221;0px&#8221; header_3_text_shadow_vertical_length_tablet=&#8221;0px&#8221; header_3_text_shadow_blur_strength_tablet=&#8221;1px&#8221; header_4_text_shadow_horizontal_length_tablet=&#8221;0px&#8221; header_4_text_shadow_vertical_length_tablet=&#8221;0px&#8221; header_4_text_shadow_blur_strength_tablet=&#8221;1px&#8221; header_5_text_shadow_horizontal_length_tablet=&#8221;0px&#8221; header_5_text_shadow_vertical_length_tablet=&#8221;0px&#8221; header_5_text_shadow_blur_strength_tablet=&#8221;1px&#8221; header_6_text_shadow_horizontal_length_tablet=&#8221;0px&#8221; header_6_text_shadow_vertical_length_tablet=&#8221;0px&#8221; header_6_text_shadow_blur_strength_tablet=&#8221;1px&#8221; box_shadow_horizontal_tablet=&#8221;0px&#8221; box_shadow_vertical_tablet=&#8221;0px&#8221; box_shadow_blur_tablet=&#8221;40px&#8221; box_shadow_spread_tablet=&#8221;0px&#8221; global_colors_info=&#8221;{}&#8221;]<\/p>\n<h2>Qui sommes-nous ?<\/h2>\n<p><strong>Laurenty Group <\/strong>est une soci\u00e9t\u00e9 familiale en forte croissance, implant\u00e9e en Belgique, en France, et au Grand Duch\u00e9 du Luxembourg depuis de nombreuses ann\u00e9es.<\/p>\n<p>Sous la responsabilit\u00e9 du <strong>Deputy Head of Operations<\/strong>, vous \u00eates le manager et r\u00e9f\u00e9rent op\u00e9rationnel pour ce qui rel\u00e8ve du nettoyage des chantiers en milieu agroalimentaire sur le Grand-Duch\u00e9 du Luxembourg (principalement centre et sud du pays).<\/p>\n<p>[\/et_pb_text][\/et_pb_column][et_pb_column type=&#8221;1_3&#8243; _builder_version=&#8221;4.16&#8243; custom_padding=&#8221;|||&#8221; global_colors_info=&#8221;{}&#8221; custom_padding__hover=&#8221;|||&#8221;][et_pb_image src=&#8221;https:\/\/laurenty.com\/wp-content\/uploads\/2020\/11\/laurenty_Nettoyage.png&#8221; alt=&#8221;Laurenty Nettoyage&#8221; title_text=&#8221;Laurenty Nettoyage&#8221; _builder_version=&#8221;4.22.1&#8243; vertical_offset_tablet=&#8221;0&#8243; horizontal_offset_tablet=&#8221;0&#8243; z_index_tablet=&#8221;0&#8243; box_shadow_horizontal_tablet=&#8221;0px&#8221; box_shadow_vertical_tablet=&#8221;0px&#8221; box_shadow_blur_tablet=&#8221;40px&#8221; box_shadow_spread_tablet=&#8221;0px&#8221; global_colors_info=&#8221;{}&#8221;][\/et_pb_image][\/et_pb_column][\/et_pb_row][et_pb_row column_structure=&#8221;1_2,1_2&#8243; module_class=&#8221;jobboxes&#8221; _builder_version=&#8221;4.16&#8243; vertical_offset_tablet=&#8221;0&#8243; horizontal_offset_tablet=&#8221;0&#8243; width=&#8221;65%&#8221; z_index_tablet=&#8221;0&#8243; box_shadow_horizontal_tablet=&#8221;0px&#8221; box_shadow_vertical_tablet=&#8221;0px&#8221; box_shadow_blur_tablet=&#8221;40px&#8221; box_shadow_spread_tablet=&#8221;0px&#8221; global_colors_info=&#8221;{}&#8221;][et_pb_column type=&#8221;1_2&#8243; _builder_version=&#8221;4.16&#8243; custom_padding=&#8221;|||&#8221; global_colors_info=&#8221;{}&#8221; custom_padding__hover=&#8221;|||&#8221;][et_pb_text module_class=&#8221;jobboxes_1&#8243; _builder_version=&#8221;4.22.1&#8243; vertical_offset_tablet=&#8221;0&#8243; horizontal_offset_tablet=&#8221;0&#8243; z_index_tablet=&#8221;0&#8243; text_text_shadow_horizontal_length_tablet=&#8221;0px&#8221; text_text_shadow_vertical_length_tablet=&#8221;0px&#8221; text_text_shadow_blur_strength_tablet=&#8221;1px&#8221; link_text_shadow_horizontal_length_tablet=&#8221;0px&#8221; link_text_shadow_vertical_length_tablet=&#8221;0px&#8221; link_text_shadow_blur_strength_tablet=&#8221;1px&#8221; ul_text_shadow_horizontal_length_tablet=&#8221;0px&#8221; ul_text_shadow_vertical_length_tablet=&#8221;0px&#8221; ul_text_shadow_blur_strength_tablet=&#8221;1px&#8221; ol_text_shadow_horizontal_length_tablet=&#8221;0px&#8221; ol_text_shadow_vertical_length_tablet=&#8221;0px&#8221; ol_text_shadow_blur_strength_tablet=&#8221;1px&#8221; quote_text_shadow_horizontal_length_tablet=&#8221;0px&#8221; quote_text_shadow_vertical_length_tablet=&#8221;0px&#8221; quote_text_shadow_blur_strength_tablet=&#8221;1px&#8221; header_text_shadow_horizontal_length_tablet=&#8221;0px&#8221; header_text_shadow_vertical_length_tablet=&#8221;0px&#8221; header_text_shadow_blur_strength_tablet=&#8221;1px&#8221; header_2_text_shadow_horizontal_length_tablet=&#8221;0px&#8221; header_2_text_shadow_vertical_length_tablet=&#8221;0px&#8221; header_2_text_shadow_blur_strength_tablet=&#8221;1px&#8221; header_3_text_shadow_horizontal_length_tablet=&#8221;0px&#8221; header_3_text_shadow_vertical_length_tablet=&#8221;0px&#8221; header_3_text_shadow_blur_strength_tablet=&#8221;1px&#8221; header_4_text_shadow_horizontal_length_tablet=&#8221;0px&#8221; header_4_text_shadow_vertical_length_tablet=&#8221;0px&#8221; header_4_text_shadow_blur_strength_tablet=&#8221;1px&#8221; header_5_text_shadow_horizontal_length_tablet=&#8221;0px&#8221; header_5_text_shadow_vertical_length_tablet=&#8221;0px&#8221; header_5_text_shadow_blur_strength_tablet=&#8221;1px&#8221; header_6_text_shadow_horizontal_length_tablet=&#8221;0px&#8221; header_6_text_shadow_vertical_length_tablet=&#8221;0px&#8221; header_6_text_shadow_blur_strength_tablet=&#8221;1px&#8221; box_shadow_horizontal_tablet=&#8221;0px&#8221; box_shadow_vertical_tablet=&#8221;0px&#8221; box_shadow_blur_tablet=&#8221;40px&#8221; box_shadow_spread_tablet=&#8221;0px&#8221; global_colors_info=&#8221;{}&#8221;]<\/p>\n<h3>Vos responsabilit\u00e9s<\/h3>\n<ul>\n<li>Piloter et r\u00e9guler les activit\u00e9s quotidiennes pour garantir la bonne ex\u00e9cution des plans de nettoyages.<\/li>\n<li>R\u00e9alisation des op\u00e9rations de nettoyage afin de garantir la conformit\u00e9 hygi\u00e8ne et l\u2019\u00e9tat sanitaire des sites<\/li>\n<li>Assurer la motivation des op\u00e9rateurs pr\u00e9sents sur les diff\u00e9rents sites et le maintien des comp\u00e9tences de ceux-ci au travers de formations continues et d\u2019un suivi quotidien des activit\u00e9s de nettoyage. Appliquer un management de proximit\u00e9 des \u00e9quipes en communicant efficacement afin de rencontrer les r\u00e9sultats attendus.<\/li>\n<li>R\u00e9aliser des contr\u00f4les r\u00e9guliers de la qualit\u00e9 des prestations sur les diff\u00e9rents sites entretenus<\/li>\n<li>Participer \u00e0 des r\u00e9unions ponctuelles avec les clients<\/li>\n<li>Organiser les remplacements du personnel absent et garantir une continuit\u00e9 dans la qualit\u00e9 des prestations. Recruter du personnel ext\u00e9rieur le cas \u00e9ch\u00e9ant.<\/li>\n<li>R\u00e9aliser les pointages des op\u00e9rateurs<\/li>\n<\/ul>\n<p>[\/et_pb_text][et_pb_text module_class=&#8221;jobboxes_1&#8243; _builder_version=&#8221;4.22.1&#8243; vertical_offset_tablet=&#8221;0&#8243; horizontal_offset_tablet=&#8221;0&#8243; z_index_tablet=&#8221;0&#8243; text_text_shadow_horizontal_length_tablet=&#8221;0px&#8221; text_text_shadow_vertical_length_tablet=&#8221;0px&#8221; text_text_shadow_blur_strength_tablet=&#8221;1px&#8221; link_text_shadow_horizontal_length_tablet=&#8221;0px&#8221; link_text_shadow_vertical_length_tablet=&#8221;0px&#8221; link_text_shadow_blur_strength_tablet=&#8221;1px&#8221; ul_text_shadow_horizontal_length_tablet=&#8221;0px&#8221; ul_text_shadow_vertical_length_tablet=&#8221;0px&#8221; ul_text_shadow_blur_strength_tablet=&#8221;1px&#8221; ol_text_shadow_horizontal_length_tablet=&#8221;0px&#8221; ol_text_shadow_vertical_length_tablet=&#8221;0px&#8221; ol_text_shadow_blur_strength_tablet=&#8221;1px&#8221; quote_text_shadow_horizontal_length_tablet=&#8221;0px&#8221; quote_text_shadow_vertical_length_tablet=&#8221;0px&#8221; quote_text_shadow_blur_strength_tablet=&#8221;1px&#8221; header_text_shadow_horizontal_length_tablet=&#8221;0px&#8221; header_text_shadow_vertical_length_tablet=&#8221;0px&#8221; header_text_shadow_blur_strength_tablet=&#8221;1px&#8221; header_2_text_shadow_horizontal_length_tablet=&#8221;0px&#8221; header_2_text_shadow_vertical_length_tablet=&#8221;0px&#8221; header_2_text_shadow_blur_strength_tablet=&#8221;1px&#8221; header_3_text_shadow_horizontal_length_tablet=&#8221;0px&#8221; header_3_text_shadow_vertical_length_tablet=&#8221;0px&#8221; header_3_text_shadow_blur_strength_tablet=&#8221;1px&#8221; header_4_text_shadow_horizontal_length_tablet=&#8221;0px&#8221; header_4_text_shadow_vertical_length_tablet=&#8221;0px&#8221; header_4_text_shadow_blur_strength_tablet=&#8221;1px&#8221; header_5_text_shadow_horizontal_length_tablet=&#8221;0px&#8221; header_5_text_shadow_vertical_length_tablet=&#8221;0px&#8221; header_5_text_shadow_blur_strength_tablet=&#8221;1px&#8221; header_6_text_shadow_horizontal_length_tablet=&#8221;0px&#8221; header_6_text_shadow_vertical_length_tablet=&#8221;0px&#8221; header_6_text_shadow_blur_strength_tablet=&#8221;1px&#8221; box_shadow_horizontal_tablet=&#8221;0px&#8221; box_shadow_vertical_tablet=&#8221;0px&#8221; box_shadow_blur_tablet=&#8221;40px&#8221; box_shadow_spread_tablet=&#8221;0px&#8221; global_colors_info=&#8221;{}&#8221;]<\/p>\n<h3>Notre offre<\/h3>\n<ul>\n<li>Un contrat de remplacement avec potentiel CDI \u00e0 la cl\u00e9 \u00e0 partir du 01\/10\/2023 et pour une dur\u00e9e de 6 mois minimum.<\/li>\n<li>Contrat de 40 heures par semaine du lundi au samedi avec une plage d\u2019activit\u00e9 allant principalement de 14h00 \u00e0 23h00<\/li>\n<li>Une soci\u00e9t\u00e9 \u00e0 caract\u00e8re familial et \u00e0 taille humaine reconnue pour la qualit\u00e9 de ses service<\/li>\n<\/ul>\n<p>[\/et_pb_text][\/et_pb_column][et_pb_column type=&#8221;1_2&#8243; _builder_version=&#8221;4.16&#8243; custom_padding=&#8221;|||&#8221; global_colors_info=&#8221;{}&#8221; custom_padding__hover=&#8221;|||&#8221;][et_pb_text module_class=&#8221;jobboxes_1&#8243; _builder_version=&#8221;4.22.1&#8243; vertical_offset_tablet=&#8221;0&#8243; horizontal_offset_tablet=&#8221;0&#8243; z_index_tablet=&#8221;0&#8243; text_text_shadow_horizontal_length_tablet=&#8221;0px&#8221; text_text_shadow_vertical_length_tablet=&#8221;0px&#8221; text_text_shadow_blur_strength_tablet=&#8221;1px&#8221; link_text_shadow_horizontal_length_tablet=&#8221;0px&#8221; link_text_shadow_vertical_length_tablet=&#8221;0px&#8221; link_text_shadow_blur_strength_tablet=&#8221;1px&#8221; ul_text_shadow_horizontal_length_tablet=&#8221;0px&#8221; ul_text_shadow_vertical_length_tablet=&#8221;0px&#8221; ul_text_shadow_blur_strength_tablet=&#8221;1px&#8221; ol_text_shadow_horizontal_length_tablet=&#8221;0px&#8221; ol_text_shadow_vertical_length_tablet=&#8221;0px&#8221; ol_text_shadow_blur_strength_tablet=&#8221;1px&#8221; quote_text_shadow_horizontal_length_tablet=&#8221;0px&#8221; quote_text_shadow_vertical_length_tablet=&#8221;0px&#8221; quote_text_shadow_blur_strength_tablet=&#8221;1px&#8221; header_text_shadow_horizontal_length_tablet=&#8221;0px&#8221; header_text_shadow_vertical_length_tablet=&#8221;0px&#8221; header_text_shadow_blur_strength_tablet=&#8221;1px&#8221; header_2_text_shadow_horizontal_length_tablet=&#8221;0px&#8221; header_2_text_shadow_vertical_length_tablet=&#8221;0px&#8221; header_2_text_shadow_blur_strength_tablet=&#8221;1px&#8221; header_3_text_shadow_horizontal_length_tablet=&#8221;0px&#8221; header_3_text_shadow_vertical_length_tablet=&#8221;0px&#8221; header_3_text_shadow_blur_strength_tablet=&#8221;1px&#8221; header_4_text_shadow_horizontal_length_tablet=&#8221;0px&#8221; header_4_text_shadow_vertical_length_tablet=&#8221;0px&#8221; header_4_text_shadow_blur_strength_tablet=&#8221;1px&#8221; header_5_text_shadow_horizontal_length_tablet=&#8221;0px&#8221; header_5_text_shadow_vertical_length_tablet=&#8221;0px&#8221; header_5_text_shadow_blur_strength_tablet=&#8221;1px&#8221; header_6_text_shadow_horizontal_length_tablet=&#8221;0px&#8221; header_6_text_shadow_vertical_length_tablet=&#8221;0px&#8221; header_6_text_shadow_blur_strength_tablet=&#8221;1px&#8221; box_shadow_horizontal_tablet=&#8221;0px&#8221; box_shadow_vertical_tablet=&#8221;0px&#8221; box_shadow_blur_tablet=&#8221;40px&#8221; box_shadow_spread_tablet=&#8221;0px&#8221; global_colors_info=&#8221;{}&#8221;]<\/p>\n<h3>Votre profil<\/h3>\n<ul>\n<li>Vous \u00eates un leader.<\/li>\n<li>Vous avez le permis B.<\/li>\n<li>Vous \u00eates flexible et dispos\u00e9 \u00e0 effectuer des d\u00e9placements.<\/li>\n<li>Vous b\u00e9n\u00e9ficiez d\u2019une exp\u00e9rience en gestion humaine et gestion de chantier.<\/li>\n<li>Vous faites preuve de rigueur et d\u2019organisation.<\/li>\n<li>Vous \u00eates dynamique et savez motiver l\u2019\u00e9quipe.<\/li>\n<li>Vous avez le sens de la communication.<\/li>\n<\/ul>\n<p>[\/et_pb_text][\/et_pb_column][\/et_pb_row][et_pb_row module_class=&#8221;jobboxes_1&#8243; _builder_version=&#8221;4.16&#8243; vertical_offset_tablet=&#8221;0&#8243; horizontal_offset_tablet=&#8221;0&#8243; width=&#8221;65%&#8221; custom_padding=&#8221;0px|||&#8221; z_index_tablet=&#8221;0&#8243; box_shadow_horizontal_tablet=&#8221;0px&#8221; box_shadow_vertical_tablet=&#8221;0px&#8221; box_shadow_blur_tablet=&#8221;40px&#8221; box_shadow_spread_tablet=&#8221;0px&#8221; global_colors_info=&#8221;{}&#8221;][et_pb_column type=&#8221;4_4&#8243; _builder_version=&#8221;4.16&#8243; custom_padding=&#8221;|||&#8221; global_colors_info=&#8221;{}&#8221; custom_padding__hover=&#8221;|||&#8221;][et_pb_text module_class=&#8221;jobboxes_1_2&#8243; _builder_version=&#8221;4.16&#8243; vertical_offset_tablet=&#8221;0&#8243; horizontal_offset_tablet=&#8221;0&#8243; z_index_tablet=&#8221;0&#8243; text_text_shadow_horizontal_length_tablet=&#8221;0px&#8221; text_text_shadow_vertical_length_tablet=&#8221;0px&#8221; text_text_shadow_blur_strength_tablet=&#8221;1px&#8221; link_text_shadow_horizontal_length_tablet=&#8221;0px&#8221; link_text_shadow_vertical_length_tablet=&#8221;0px&#8221; link_text_shadow_blur_strength_tablet=&#8221;1px&#8221; ul_text_shadow_horizontal_length_tablet=&#8221;0px&#8221; ul_text_shadow_vertical_length_tablet=&#8221;0px&#8221; ul_text_shadow_blur_strength_tablet=&#8221;1px&#8221; ol_text_shadow_horizontal_length_tablet=&#8221;0px&#8221; ol_text_shadow_vertical_length_tablet=&#8221;0px&#8221; ol_text_shadow_blur_strength_tablet=&#8221;1px&#8221; quote_text_shadow_horizontal_length_tablet=&#8221;0px&#8221; quote_text_shadow_vertical_length_tablet=&#8221;0px&#8221; quote_text_shadow_blur_strength_tablet=&#8221;1px&#8221; header_text_shadow_horizontal_length_tablet=&#8221;0px&#8221; header_text_shadow_vertical_length_tablet=&#8221;0px&#8221; header_text_shadow_blur_strength_tablet=&#8221;1px&#8221; header_2_text_shadow_horizontal_length_tablet=&#8221;0px&#8221; header_2_text_shadow_vertical_length_tablet=&#8221;0px&#8221; header_2_text_shadow_blur_strength_tablet=&#8221;1px&#8221; header_3_text_shadow_horizontal_length_tablet=&#8221;0px&#8221; header_3_text_shadow_vertical_length_tablet=&#8221;0px&#8221; header_3_text_shadow_blur_strength_tablet=&#8221;1px&#8221; header_4_text_shadow_horizontal_length_tablet=&#8221;0px&#8221; header_4_text_shadow_vertical_length_tablet=&#8221;0px&#8221; header_4_text_shadow_blur_strength_tablet=&#8221;1px&#8221; header_5_text_shadow_horizontal_length_tablet=&#8221;0px&#8221; header_5_text_shadow_vertical_length_tablet=&#8221;0px&#8221; header_5_text_shadow_blur_strength_tablet=&#8221;1px&#8221; header_6_text_shadow_horizontal_length_tablet=&#8221;0px&#8221; header_6_text_shadow_vertical_length_tablet=&#8221;0px&#8221; header_6_text_shadow_blur_strength_tablet=&#8221;1px&#8221; box_shadow_horizontal_tablet=&#8221;0px&#8221; box_shadow_vertical_tablet=&#8221;0px&#8221; box_shadow_blur_tablet=&#8221;40px&#8221; box_shadow_spread_tablet=&#8221;0px&#8221; global_colors_info=&#8221;{}&#8221;]<\/p>\n<p style=\"text-align: center;\">Int\u00e9ress\u00e9(e) par le job ? Envoyez-nous votre candidature en cliquant ici !<\/p>\n<p style=\"text-align: center;\"><a class=\"et_pb_button et_pb_button_0 cta-btn cta-btn-hover et_pb_bg_layout_light\" href=\"https:\/\/laurenty.com\/nl\/stuur-uw-aanvraag\/\">Postulez ici<\/a><\/p>\n<p>[\/et_pb_text][et_pb_text _builder_version=&#8221;4.16&#8243; vertical_offset_tablet=&#8221;0&#8243; horizontal_offset_tablet=&#8221;0&#8243; z_index_tablet=&#8221;0&#8243; text_text_shadow_horizontal_length_tablet=&#8221;0px&#8221; text_text_shadow_vertical_length_tablet=&#8221;0px&#8221; text_text_shadow_blur_strength_tablet=&#8221;1px&#8221; link_text_shadow_horizontal_length_tablet=&#8221;0px&#8221; link_text_shadow_vertical_length_tablet=&#8221;0px&#8221; link_text_shadow_blur_strength_tablet=&#8221;1px&#8221; ul_text_shadow_horizontal_length_tablet=&#8221;0px&#8221; ul_text_shadow_vertical_length_tablet=&#8221;0px&#8221; ul_text_shadow_blur_strength_tablet=&#8221;1px&#8221; ol_text_shadow_horizontal_length_tablet=&#8221;0px&#8221; ol_text_shadow_vertical_length_tablet=&#8221;0px&#8221; ol_text_shadow_blur_strength_tablet=&#8221;1px&#8221; quote_text_shadow_horizontal_length_tablet=&#8221;0px&#8221; quote_text_shadow_vertical_length_tablet=&#8221;0px&#8221; quote_text_shadow_blur_strength_tablet=&#8221;1px&#8221; header_text_shadow_horizontal_length_tablet=&#8221;0px&#8221; header_text_shadow_vertical_length_tablet=&#8221;0px&#8221; header_text_shadow_blur_strength_tablet=&#8221;1px&#8221; header_2_text_shadow_horizontal_length_tablet=&#8221;0px&#8221; header_2_text_shadow_vertical_length_tablet=&#8221;0px&#8221; header_2_text_shadow_blur_strength_tablet=&#8221;1px&#8221; header_3_text_shadow_horizontal_length_tablet=&#8221;0px&#8221; header_3_text_shadow_vertical_length_tablet=&#8221;0px&#8221; header_3_text_shadow_blur_strength_tablet=&#8221;1px&#8221; header_4_text_shadow_horizontal_length_tablet=&#8221;0px&#8221; header_4_text_shadow_vertical_length_tablet=&#8221;0px&#8221; header_4_text_shadow_blur_strength_tablet=&#8221;1px&#8221; header_5_text_shadow_horizontal_length_tablet=&#8221;0px&#8221; header_5_text_shadow_vertical_length_tablet=&#8221;0px&#8221; header_5_text_shadow_blur_strength_tablet=&#8221;1px&#8221; header_6_text_shadow_horizontal_length_tablet=&#8221;0px&#8221; header_6_text_shadow_vertical_length_tablet=&#8221;0px&#8221; header_6_text_shadow_blur_strength_tablet=&#8221;1px&#8221; box_shadow_horizontal_tablet=&#8221;0px&#8221; box_shadow_vertical_tablet=&#8221;0px&#8221; box_shadow_blur_tablet=&#8221;40px&#8221; box_shadow_spread_tablet=&#8221;0px&#8221; global_colors_info=&#8221;{}&#8221;]<\/p>\n<div class=\"ja-company_1\">\n<p style=\"text-align: center;\"><b>Laurenty Group<\/b>, une entreprise familiale sp\u00e9cialis\u00e9e en entretien et nettoyage depuis plus de 65 ans.<\/p>\n<h4 class=\"ja-subtitle_1\" style=\"text-align: center;\">Nos domaines d&#8217;activit\u00e9s<\/h4>\n<p><img decoding=\"async\" class=\"aligncenter\" src=\"https:\/\/laurenty.com\/wp-content\/uploads\/2020\/03\/espaces-verts.png\" alt=\"Laurenty Espaces Verts\"><img decoding=\"async\" class=\"aligncenter\" src=\"https:\/\/laurenty.com\/wp-content\/uploads\/2020\/03\/facility-1.png\" alt=\"Laurenty Facility\"><img decoding=\"async\" class=\"aligncenter\" src=\"https:\/\/laurenty.com\/wp-content\/uploads\/2020\/03\/nettoyage-1.png\" alt=\"Laurenty Nettoyage\" width=\"236\" height=\"236\">&nbsp;<img decoding=\"async\" class=\"aligncenter\" src=\"https:\/\/laurenty.com\/wp-content\/uploads\/2020\/03\/balayage.png\" alt=\"Laurenty Balayage\" width=\"236\" height=\"236\">&nbsp;<img decoding=\"async\" class=\"aligncenter\" src=\"https:\/\/laurenty.com\/wp-content\/uploads\/2020\/03\/batiments.png\" alt=\"Laurenty Batiments\" width=\"236\" height=\"236\"><\/p>\n<\/div>\n<p>[\/et_pb_text][et_pb_text _builder_version=&#8221;4.16&#8243; vertical_offset_tablet=&#8221;0&#8243; horizontal_offset_tablet=&#8221;0&#8243; z_index_tablet=&#8221;0&#8243; text_text_shadow_horizontal_length_tablet=&#8221;0px&#8221; text_text_shadow_vertical_length_tablet=&#8221;0px&#8221; text_text_shadow_blur_strength_tablet=&#8221;1px&#8221; link_text_shadow_horizontal_length_tablet=&#8221;0px&#8221; link_text_shadow_vertical_length_tablet=&#8221;0px&#8221; link_text_shadow_blur_strength_tablet=&#8221;1px&#8221; ul_text_shadow_horizontal_length_tablet=&#8221;0px&#8221; ul_text_shadow_vertical_length_tablet=&#8221;0px&#8221; ul_text_shadow_blur_strength_tablet=&#8221;1px&#8221; ol_text_shadow_horizontal_length_tablet=&#8221;0px&#8221; ol_text_shadow_vertical_length_tablet=&#8221;0px&#8221; ol_text_shadow_blur_strength_tablet=&#8221;1px&#8221; quote_text_shadow_horizontal_length_tablet=&#8221;0px&#8221; quote_text_shadow_vertical_length_tablet=&#8221;0px&#8221; quote_text_shadow_blur_strength_tablet=&#8221;1px&#8221; header_text_shadow_horizontal_length_tablet=&#8221;0px&#8221; header_text_shadow_vertical_length_tablet=&#8221;0px&#8221; header_text_shadow_blur_strength_tablet=&#8221;1px&#8221; header_2_text_shadow_horizontal_length_tablet=&#8221;0px&#8221; header_2_text_shadow_vertical_length_tablet=&#8221;0px&#8221; header_2_text_shadow_blur_strength_tablet=&#8221;1px&#8221; header_3_text_shadow_horizontal_length_tablet=&#8221;0px&#8221; header_3_text_shadow_vertical_length_tablet=&#8221;0px&#8221; header_3_text_shadow_blur_strength_tablet=&#8221;1px&#8221; header_4_text_shadow_horizontal_length_tablet=&#8221;0px&#8221; header_4_text_shadow_vertical_length_tablet=&#8221;0px&#8221; header_4_text_shadow_blur_strength_tablet=&#8221;1px&#8221; header_5_text_shadow_horizontal_length_tablet=&#8221;0px&#8221; header_5_text_shadow_vertical_length_tablet=&#8221;0px&#8221; header_5_text_shadow_blur_strength_tablet=&#8221;1px&#8221; header_6_text_shadow_horizontal_length_tablet=&#8221;0px&#8221; header_6_text_shadow_vertical_length_tablet=&#8221;0px&#8221; header_6_text_shadow_blur_strength_tablet=&#8221;1px&#8221; box_shadow_horizontal_tablet=&#8221;0px&#8221; box_shadow_vertical_tablet=&#8221;0px&#8221; box_shadow_blur_tablet=&#8221;40px&#8221; box_shadow_spread_tablet=&#8221;0px&#8221; global_colors_info=&#8221;{}&#8221;]<\/p>\n<div class=\"ja-company_1\">\n<h4 class=\"ja-subtitle_1\" style=\"text-align: center;\">Nos engagements<\/p>\n<\/p>\n<div class=\"et_pb_code_inner\"><a href=\"#\" data-tip=\"client\" class=\"best-select\">Satisfaction du client<\/a> <a href=\"#\" data-tip=\"securite\" class=\"best-select\">S\u00e9curit\u00e9<\/a> <a href=\"#\" data-tip=\"resp\" class=\"best-select\">Responsabilit\u00e9 soci\u00e9tale<\/a> <a href=\"#\" data-tip=\"qualite\" class=\"best-select\">Qualit\u00e9<\/a> <a href=\"#\" data-tip=\"encadrement\" class=\"best-select\">Encadrement<\/a> <a href=\"#\" data-tip=\"proactivite\" class=\"best-select\">Proactivit\u00e9<\/a> <a href=\"#\" data-tip=\"formations\" class=\"best-select\">Formation<\/a> <a href=\"#\" data-tip=\"environnement\" class=\"best-select\">Environnement<\/a><\/div>\n<\/p>\n<\/div>\n<p>[\/et_pb_text][\/et_pb_column][\/et_pb_row][et_pb_row _builder_version=&#8221;4.16&#8243; global_colors_info=&#8221;{}&#8221;][et_pb_column type=&#8221;4_4&#8243; _builder_version=&#8221;4.16&#8243; global_colors_info=&#8221;{}&#8221;][et_pb_code disabled_on=&#8221;on|on|on&#8221; _builder_version=&#8221;4.16&#8243; disabled=&#8221;on&#8221; global_colors_info=&#8221;{}&#8221;]<\/p>\n<div class=\"job_application application jon_interne\"> <input type=\"button\" class=\"application_button button\" value=\"Postuler\" wtx-context=\"6027195D-FAF1-4136-BFB0-C5CCAA79AF21\"><\/p>\n<div class=\"application_details\" style=\"display: block;\">\n<form class=\"job-manager-application-form job-manager-form\" method=\"post\" enctype=\"multipart\/form-data\" action=\"https:\/\/laurenty.com\/poste\/test-laveur-de-vitres-jobs-vref\/\" wtx-context=\"51FFD811-DA88-40BA-B2A1-E50170061CAD\">\n<fieldset class=\"fieldset-nom-complet\"> <label for=\"nom-complet\">Nom complet<\/label><\/p>\n<div class=\"field required-field\"> <input type=\"text\" class=\"input-text\" name=\"nom-complet\" id=\"nom-complet\" placeholder=\"\" value=\" \" maxlength=\"\" required=\"\" wtx-context=\"8E499879-2FE4-4B86-867D-458B91AFFEFB\"><\/div>\n<\/fieldset>\n<fieldset class=\"fieldset-adresse-e-mail\"> <label for=\"adresse-e-mail\">Adresse e-mail<\/label><\/p>\n<div class=\"field required-field\"> <input type=\"text\" class=\"input-text\" name=\"adresse-e-mail\" id=\"adresse-e-mail\" placeholder=\"\" value=\"adrien@referenceur.be\" maxlength=\"\" required=\"\" wtx-context=\"15A27B9B-FD64-432D-9EF0-322C6306C247\"><\/div>\n<\/fieldset>\n<fieldset class=\"fieldset-message\"> <label for=\"message\">Message<\/label><\/p>\n<div class=\"field required-field\"><textarea cols=\"20\" rows=\"3\" class=\"input-text\" name=\"message\" id=\"message\" placeholder=\"\" maxlength=\"\" required=\"\"><\/textarea><\/div>\n<\/fieldset>\n<fieldset class=\"fieldset-upload-cv\"> <label for=\"upload-cv\">Upload CV<\/label><\/p>\n<div class=\"field required-field\">\n<div class=\"job-manager-uploaded-files\"><\/div>\n<p> <input type=\"file\" class=\"input-text\" data-file_types=\"jpg|jpeg|jpe|gif|png|bmp|tiff|tif|ico|asf|asx|wmv|wmx|wm|avi|divx|flv|mov|qt|mpeg|mpg|mpe|mp4|m4v|ogv|webm|mkv|3gp|3gpp|3g2|3gp2|txt|asc|c|cc|h|srt|csv|tsv|ics|rtx|css|htm|html|vtt|dfxp|mp3|m4a|m4b|aac|ra|ram|wav|ogg|oga|flac|mid|midi|wma|wax|mka|rtf|js|pdf|class|tar|zip|gz|gzip|rar|7z|psd|xcf|doc|pot|pps|ppt|wri|xla|xls|xlt|xlw|mdb|mpp|docx|docm|dotx|dotm|xlsx|xlsm|xlsb|xltx|xltm|xlam|pptx|pptm|ppsx|ppsm|potx|potm|ppam|sldx|sldm|onetoc|onetoc2|onetmp|onepkg|oxps|xps|odt|odp|ods|odg|odc|odb|odf|wp|wpd|key|numbers|pages\" multiple=\"\" name=\"upload-cv[]\" id=\"upload-cv\" placeholder=\"\" wtx-context=\"7100632A-DCDB-4CD9-8687-6E6BBBA81AA7\"> <small class=\"description\"> Upload your CV\/resume or any other relevant file. Max. file size: 50 MB. <\/small><\/div>\n<\/fieldset>\n<fieldset class=\"fieldset-langue\"> <label for=\"langue\">Langue<\/label><\/p>\n<div class=\"field required-field\"> <select name=\"langue\" id=\"langue\" required=\"\" wtx-context=\"13187060-1BF6-4A25-8A25-C141E243E88B\"><option value=\"FR\">FR<\/option><option value=\"NL\">NL<\/option><option value=\"EN\">EN<\/option><\/select><\/div>\n<\/fieldset>\n<fieldset class=\"fieldset-politique-de-confidentialite\"> <label for=\"politique-de-confidentialite\">Politique de confidentialit\u00e9<\/label><\/p>\n<div class=\"field required-field\"> <input type=\"checkbox\" class=\"input-checkbox\" name=\"politique-de-confidentialite\" id=\"politique-de-confidentialite\" value=\"1\" required=\"\" wtx-context=\"0E5616CC-9278-4A29-A096-79DC434C8E9E\"> <small class=\"description\">J&#8217;ai lu et j&#8217;accepte la politique de confidentialit\u00e9 \/ Ik heb het Privacybeleid gelezen en ga hiermee akkoord (*)<\/small><\/div>\n<\/fieldset>\n<pee> <input type=\"submit\" class=\"button wp_job_manager_send_application_button\" value=\"Send application\" wtx-context=\"9E1FD98D-893E-457F-89FC-67E44A90303C\"> <input type=\"hidden\" name=\"wp_job_manager_send_application\" value=\"1\" wtx-context=\"3F8655A0-A297-479A-83A0-CBCC0C614A76\"> <input type=\"hidden\" name=\"job_id\" value=\"28206\" wtx-context=\"5BAF8467-14E5-4024-828E-0CD2435A1D87\"><\/pee><\/form>\n<\/div>\n<\/div>\n<p>[\/et_pb_code][\/et_pb_column][\/et_pb_row][\/et_pb_section]<\/p>\n","protected":false},"author":4,"featured_media":23775,"template":"","meta":{"_et_pb_use_builder":"on","_et_pb_old_content":"","_et_gb_content_width":"","_promoted":"","_job_location":"FR","_application":"","_company_name":"","_company_website":"","_company_tagline":"","_company_twitter":"","_company_video":"","_filled":0,"_featured":0,"_remote_position":0,"_job_salary":"","_job_salary_currency":"","_job_salary_unit":""},"job_listing_region":[89],"job-categories":[179],"job-types":[176],"class_list":{"0":"post-85987","1":"job_listing","2":"type-job_listing","3":"status-publish","4":"has-post-thumbnail","5":"hentry","6":"job_listing_region-luxemburg-nl","8":"job-type-schoonmaak"},"yoast_head":"<!-- This site is optimized with the Yoast SEO plugin v27.5 - https:\/\/yoast.com\/product\/yoast-seo-wordpress\/ -->\n<title>Team Leader (M\/F) - GRAND-DUCH\u00c9 DE LUXEMBOURG (principalement centre et sud du pays) - Laurenty<\/title>\n<meta name=\"robots\" content=\"index, follow, max-snippet:-1, max-image-preview:large, max-video-preview:-1\" \/>\n<link rel=\"canonical\" href=\"https:\/\/laurenty.com\/nl\/vacature\/team-leader-m-f-grand-duche-de-luxembourg-principalement-centre-et-sud-du-pays\/\" \/>\n<meta property=\"og:locale\" content=\"nl_BE\" \/>\n<meta property=\"og:type\" content=\"article\" \/>\n<meta property=\"og:title\" content=\"Team Leader (M\/F) - GRAND-DUCH\u00c9 DE LUXEMBOURG (principalement centre et sud du pays) - Laurenty\" \/>\n<meta property=\"og:description\" content=\"Team Leader (M\/F) pour le Grand-Duch\u00e9 de Luxembourg (principalement centre et sud du pays)Qui sommes-nous ? Laurenty Group est une soci\u00e9t\u00e9 familiale en forte croissance, implant\u00e9e en Belgique, en France, et au Grand Duch\u00e9 du Luxembourg depuis de nombreuses ann\u00e9es. Sous la responsabilit\u00e9 du Deputy Head of Operations, vous \u00eates le manager et r\u00e9f\u00e9rent op\u00e9rationnel [&hellip;]\" \/>\n<meta property=\"og:url\" content=\"https:\/\/laurenty.com\/nl\/vacature\/team-leader-m-f-grand-duche-de-luxembourg-principalement-centre-et-sud-du-pays\/\" \/>\n<meta property=\"og:site_name\" content=\"Laurenty\" \/>\n<meta property=\"article:publisher\" content=\"https:\/\/www.facebook.com\/LaurentyGroup\" \/>\n<meta property=\"article:modified_time\" content=\"2025-04-28T09:26:52+00:00\" \/>\n<meta property=\"og:image\" content=\"https:\/\/laurenty.com\/wp-content\/uploads\/2023\/08\/NET_Team-Leader_FR_Grand-Duche-de-Luxembourg.jpg\" \/>\n\t<meta property=\"og:image:width\" content=\"1200\" \/>\n\t<meta property=\"og:image:height\" content=\"628\" \/>\n\t<meta property=\"og:image:type\" content=\"image\/jpeg\" \/>\n<meta name=\"twitter:card\" content=\"summary_large_image\" \/>\n<meta name=\"twitter:label1\" content=\"Geschatte leestijd\" \/>\n\t<meta name=\"twitter:data1\" content=\"6 minuten\" \/>\n<script type=\"application\/ld+json\" class=\"yoast-schema-graph\">{\"@context\":\"https:\\\/\\\/schema.org\",\"@graph\":[{\"@type\":\"WebPage\",\"@id\":\"https:\\\/\\\/laurenty.com\\\/nl\\\/vacature\\\/team-leader-m-f-grand-duche-de-luxembourg-principalement-centre-et-sud-du-pays\\\/\",\"url\":\"https:\\\/\\\/laurenty.com\\\/nl\\\/vacature\\\/team-leader-m-f-grand-duche-de-luxembourg-principalement-centre-et-sud-du-pays\\\/\",\"name\":\"Team Leader (M\\\/F) - GRAND-DUCH\u00c9 DE LUXEMBOURG (principalement centre et sud du pays) - Laurenty\",\"isPartOf\":{\"@id\":\"https:\\\/\\\/laurenty.com\\\/#website\"},\"primaryImageOfPage\":{\"@id\":\"https:\\\/\\\/laurenty.com\\\/nl\\\/vacature\\\/team-leader-m-f-grand-duche-de-luxembourg-principalement-centre-et-sud-du-pays\\\/#primaryimage\"},\"image\":{\"@id\":\"https:\\\/\\\/laurenty.com\\\/nl\\\/vacature\\\/team-leader-m-f-grand-duche-de-luxembourg-principalement-centre-et-sud-du-pays\\\/#primaryimage\"},\"thumbnailUrl\":\"https:\\\/\\\/laurenty.com\\\/wp-content\\\/uploads\\\/2020\\\/02\\\/cube-PNG-e1509966837890.png\",\"datePublished\":\"2023-08-21T08:18:57+00:00\",\"dateModified\":\"2025-04-28T09:26:52+00:00\",\"breadcrumb\":{\"@id\":\"https:\\\/\\\/laurenty.com\\\/nl\\\/vacature\\\/team-leader-m-f-grand-duche-de-luxembourg-principalement-centre-et-sud-du-pays\\\/#breadcrumb\"},\"inLanguage\":\"nl-BE\",\"potentialAction\":[{\"@type\":\"ReadAction\",\"target\":[\"https:\\\/\\\/laurenty.com\\\/nl\\\/vacature\\\/team-leader-m-f-grand-duche-de-luxembourg-principalement-centre-et-sud-du-pays\\\/\"]}]},{\"@type\":\"ImageObject\",\"inLanguage\":\"nl-BE\",\"@id\":\"https:\\\/\\\/laurenty.com\\\/nl\\\/vacature\\\/team-leader-m-f-grand-duche-de-luxembourg-principalement-centre-et-sud-du-pays\\\/#primaryimage\",\"url\":\"https:\\\/\\\/laurenty.com\\\/wp-content\\\/uploads\\\/2020\\\/02\\\/cube-PNG-e1509966837890.png\",\"contentUrl\":\"https:\\\/\\\/laurenty.com\\\/wp-content\\\/uploads\\\/2020\\\/02\\\/cube-PNG-e1509966837890.png\",\"width\":250,\"height\":219},{\"@type\":\"BreadcrumbList\",\"@id\":\"https:\\\/\\\/laurenty.com\\\/nl\\\/vacature\\\/team-leader-m-f-grand-duche-de-luxembourg-principalement-centre-et-sud-du-pays\\\/#breadcrumb\",\"itemListElement\":[{\"@type\":\"ListItem\",\"position\":1,\"name\":\"Home\",\"item\":\"https:\\\/\\\/laurenty.com\\\/nl\\\/\"},{\"@type\":\"ListItem\",\"position\":2,\"name\":\"Team Leader (M\\\/F) &#8211; GRAND-DUCH\u00c9 DE LUXEMBOURG (principalement centre et sud du pays)\"}]},{\"@type\":\"WebSite\",\"@id\":\"https:\\\/\\\/laurenty.com\\\/#website\",\"url\":\"https:\\\/\\\/laurenty.com\\\/\",\"name\":\"Laurenty Group\",\"description\":\"Entreprise de nettoyage et de services en Belgique, en France et au Luxembourg\",\"publisher\":{\"@id\":\"https:\\\/\\\/laurenty.com\\\/#organization\"},\"potentialAction\":[{\"@type\":\"SearchAction\",\"target\":{\"@type\":\"EntryPoint\",\"urlTemplate\":\"https:\\\/\\\/laurenty.com\\\/?s={search_term_string}\"},\"query-input\":{\"@type\":\"PropertyValueSpecification\",\"valueRequired\":true,\"valueName\":\"search_term_string\"}}],\"inLanguage\":\"nl-BE\"},{\"@type\":\"Organization\",\"@id\":\"https:\\\/\\\/laurenty.com\\\/#organization\",\"name\":\"Laurenty Group\",\"url\":\"https:\\\/\\\/laurenty.com\\\/\",\"logo\":{\"@type\":\"ImageObject\",\"inLanguage\":\"nl-BE\",\"@id\":\"https:\\\/\\\/laurenty.com\\\/#\\\/schema\\\/logo\\\/image\\\/\",\"url\":\"https:\\\/\\\/laurenty.com\\\/wp-content\\\/uploads\\\/2020\\\/06\\\/laurenty-group.png\",\"contentUrl\":\"https:\\\/\\\/laurenty.com\\\/wp-content\\\/uploads\\\/2020\\\/06\\\/laurenty-group.png\",\"width\":549,\"height\":309,\"caption\":\"Laurenty Group\"},\"image\":{\"@id\":\"https:\\\/\\\/laurenty.com\\\/#\\\/schema\\\/logo\\\/image\\\/\"},\"sameAs\":[\"https:\\\/\\\/www.facebook.com\\\/LaurentyGroup\",\"https:\\\/\\\/www.linkedin.com\\\/company\\\/laurentygroup\\\/\",\"https:\\\/\\\/www.youtube.com\\\/channel\\\/UCirP1Sv08dx0mDNCnR-8XUQ\"]}]}<\/script>\n<!-- \/ Yoast SEO plugin. -->","yoast_head_json":{"title":"Team Leader (M\/F) - GRAND-DUCH\u00c9 DE LUXEMBOURG (principalement centre et sud du pays) - Laurenty","robots":{"index":"index","follow":"follow","max-snippet":"max-snippet:-1","max-image-preview":"max-image-preview:large","max-video-preview":"max-video-preview:-1"},"canonical":"https:\/\/laurenty.com\/nl\/vacature\/team-leader-m-f-grand-duche-de-luxembourg-principalement-centre-et-sud-du-pays\/","og_locale":"nl_BE","og_type":"article","og_title":"Team Leader (M\/F) - GRAND-DUCH\u00c9 DE LUXEMBOURG (principalement centre et sud du pays) - Laurenty","og_description":"Team Leader (M\/F) pour le Grand-Duch\u00e9 de Luxembourg (principalement centre et sud du pays)Qui sommes-nous ? Laurenty Group est une soci\u00e9t\u00e9 familiale en forte croissance, implant\u00e9e en Belgique, en France, et au Grand Duch\u00e9 du Luxembourg depuis de nombreuses ann\u00e9es. Sous la responsabilit\u00e9 du Deputy Head of Operations, vous \u00eates le manager et r\u00e9f\u00e9rent op\u00e9rationnel [&hellip;]","og_url":"https:\/\/laurenty.com\/nl\/vacature\/team-leader-m-f-grand-duche-de-luxembourg-principalement-centre-et-sud-du-pays\/","og_site_name":"Laurenty","article_publisher":"https:\/\/www.facebook.com\/LaurentyGroup","article_modified_time":"2025-04-28T09:26:52+00:00","og_image":[{"width":1200,"height":628,"url":"https:\/\/laurenty.com\/wp-content\/uploads\/2023\/08\/NET_Team-Leader_FR_Grand-Duche-de-Luxembourg.jpg","type":"image\/jpeg"}],"twitter_card":"summary_large_image","twitter_misc":{"Geschatte leestijd":"6 minuten"},"schema":{"@context":"https:\/\/schema.org","@graph":[{"@type":"WebPage","@id":"https:\/\/laurenty.com\/nl\/vacature\/team-leader-m-f-grand-duche-de-luxembourg-principalement-centre-et-sud-du-pays\/","url":"https:\/\/laurenty.com\/nl\/vacature\/team-leader-m-f-grand-duche-de-luxembourg-principalement-centre-et-sud-du-pays\/","name":"Team Leader (M\/F) - GRAND-DUCH\u00c9 DE LUXEMBOURG (principalement centre et sud du pays) - Laurenty","isPartOf":{"@id":"https:\/\/laurenty.com\/#website"},"primaryImageOfPage":{"@id":"https:\/\/laurenty.com\/nl\/vacature\/team-leader-m-f-grand-duche-de-luxembourg-principalement-centre-et-sud-du-pays\/#primaryimage"},"image":{"@id":"https:\/\/laurenty.com\/nl\/vacature\/team-leader-m-f-grand-duche-de-luxembourg-principalement-centre-et-sud-du-pays\/#primaryimage"},"thumbnailUrl":"https:\/\/laurenty.com\/wp-content\/uploads\/2020\/02\/cube-PNG-e1509966837890.png","datePublished":"2023-08-21T08:18:57+00:00","dateModified":"2025-04-28T09:26:52+00:00","breadcrumb":{"@id":"https:\/\/laurenty.com\/nl\/vacature\/team-leader-m-f-grand-duche-de-luxembourg-principalement-centre-et-sud-du-pays\/#breadcrumb"},"inLanguage":"nl-BE","potentialAction":[{"@type":"ReadAction","target":["https:\/\/laurenty.com\/nl\/vacature\/team-leader-m-f-grand-duche-de-luxembourg-principalement-centre-et-sud-du-pays\/"]}]},{"@type":"ImageObject","inLanguage":"nl-BE","@id":"https:\/\/laurenty.com\/nl\/vacature\/team-leader-m-f-grand-duche-de-luxembourg-principalement-centre-et-sud-du-pays\/#primaryimage","url":"https:\/\/laurenty.com\/wp-content\/uploads\/2020\/02\/cube-PNG-e1509966837890.png","contentUrl":"https:\/\/laurenty.com\/wp-content\/uploads\/2020\/02\/cube-PNG-e1509966837890.png","width":250,"height":219},{"@type":"BreadcrumbList","@id":"https:\/\/laurenty.com\/nl\/vacature\/team-leader-m-f-grand-duche-de-luxembourg-principalement-centre-et-sud-du-pays\/#breadcrumb","itemListElement":[{"@type":"ListItem","position":1,"name":"Home","item":"https:\/\/laurenty.com\/nl\/"},{"@type":"ListItem","position":2,"name":"Team Leader (M\/F) &#8211; GRAND-DUCH\u00c9 DE LUXEMBOURG (principalement centre et sud du pays)"}]},{"@type":"WebSite","@id":"https:\/\/laurenty.com\/#website","url":"https:\/\/laurenty.com\/","name":"Laurenty Group","description":"Entreprise de nettoyage et de services en Belgique, en France et au Luxembourg","publisher":{"@id":"https:\/\/laurenty.com\/#organization"},"potentialAction":[{"@type":"SearchAction","target":{"@type":"EntryPoint","urlTemplate":"https:\/\/laurenty.com\/?s={search_term_string}"},"query-input":{"@type":"PropertyValueSpecification","valueRequired":true,"valueName":"search_term_string"}}],"inLanguage":"nl-BE"},{"@type":"Organization","@id":"https:\/\/laurenty.com\/#organization","name":"Laurenty Group","url":"https:\/\/laurenty.com\/","logo":{"@type":"ImageObject","inLanguage":"nl-BE","@id":"https:\/\/laurenty.com\/#\/schema\/logo\/image\/","url":"https:\/\/laurenty.com\/wp-content\/uploads\/2020\/06\/laurenty-group.png","contentUrl":"https:\/\/laurenty.com\/wp-content\/uploads\/2020\/06\/laurenty-group.png","width":549,"height":309,"caption":"Laurenty Group"},"image":{"@id":"https:\/\/laurenty.com\/#\/schema\/logo\/image\/"},"sameAs":["https:\/\/www.facebook.com\/LaurentyGroup","https:\/\/www.linkedin.com\/company\/laurentygroup\/","https:\/\/www.youtube.com\/channel\/UCirP1Sv08dx0mDNCnR-8XUQ"]}]}},"_links":{"self":[{"href":"https:\/\/laurenty.com\/nl\/wp-json\/wp\/v2\/job-listings\/85987","targetHints":{"allow":["GET"]}}],"collection":[{"href":"https:\/\/laurenty.com\/nl\/wp-json\/wp\/v2\/job-listings"}],"about":[{"href":"https:\/\/laurenty.com\/nl\/wp-json\/wp\/v2\/types\/job_listing"}],"author":[{"embeddable":true,"href":"https:\/\/laurenty.com\/nl\/wp-json\/wp\/v2\/users\/4"}],"wp:featuredmedia":[{"embeddable":true,"href":"https:\/\/laurenty.com\/nl\/wp-json\/wp\/v2\/media\/23775"}],"wp:attachment":[{"href":"https:\/\/laurenty.com\/nl\/wp-json\/wp\/v2\/media?parent=85987"}],"wp:term":[{"taxonomy":"job_listing_region","embeddable":true,"href":"https:\/\/laurenty.com\/nl\/wp-json\/wp\/v2\/job_listing_region?post=85987"},{"taxonomy":"job_listing_category","embeddable":true,"href":"https:\/\/laurenty.com\/nl\/wp-json\/wp\/v2\/job-categories?post=85987"},{"taxonomy":"job_listing_type","embeddable":true,"href":"https:\/\/laurenty.com\/nl\/wp-json\/wp\/v2\/job-types?post=85987"}],"curies":[{"name":"wp","href":"https:\/\/api.w.org\/{rel}","templated":true}]}}